{"version":"1.0","type":"rich","provider_name":"Oniris Productions","provider_url":"https:\/\/www.onirisproductions.com\/oniris","title":"Les Invisibles - danses","author_name":"","width":"480","height":"295","url":"http:\/\/onirisproductions.com\/Les-Invisibles-danses.html","html":"\u003Ch4 class='title'\u003E\u003Ca href='http:\/\/onirisproductions.com\/Les-Invisibles-danses.html'\u003ELes Invisibles - danses\u003C\/a\u003E\u003C\/h4\u003E\u003Cblockquote class='spip'\u003E\n\u003Cp\u003EProbl\u00e9matique&nbsp;: \n\u003Cbr class='autobr' \/\u003E\nRetransmettre une performance artistique se d\u00e9roulant deux nuits de suite, \u00e0 La Ferme du Buisson sc\u00e8ne nationale, de 22 heures \u00e0 5 heures du matin.  R\u00e9ponse d\u2019Oniris&nbsp;: \n\u003Cbr class='autobr' \/\u003E\n\u2013 Diffusion en quasi direct sur internet de l\u2019ensemble de la nuit\n\u003Cbr class='autobr' \/\u003E\n\u2013 Mise en place d\u2019une fen\u00eatre de diffusion, num\u00e9risation et compression des vid\u00e9os\n\u003Cbr class='autobr' \/\u003E\n\u2013 Cr\u00e9ation d\u2019un site pour l\u2019archivage de la production, syst\u00e8me semi-al\u00e9atoire\u003C\/p\u003E\n\u003C\/blockquote\u003E\n"}