{"version":"1.0","type":"rich","provider_name":"Oniris Productions","provider_url":"https:\/\/www.onirisproductions.com\/oniris","title":"Le G.R.E.C. ","author_name":"","width":"480","height":"295","url":"http:\/\/onirisproductions.com\/Le-G-R-E-C.html","html":"\u003Ch4 class='title'\u003E\u003Ca href='http:\/\/onirisproductions.com\/Le-G-R-E-C.html'\u003ELe G.R.E.C. \u003C\/a\u003E\u003C\/h4\u003E\u003Cblockquote class='spip'\u003E\n\u003Cp\u003EProbl\u00e9matique&nbsp;: \n\u003Cbr class='autobr' \/\u003E\n\u2013 Pr\u00e9sentation du G.R.E.C, de ses activit\u00e9s et de ses 800 productions  R\u00e9ponse d\u2019Oniris&nbsp;: \n\u003Cbr class='autobr' \/\u003E\n\u2013 Mise en place d\u2019un SPIP\n\u003Cbr class='autobr' \/\u003E\n\u2013 D\u00e9veloppement d\u2019un graphisme mettant en valeur les productions\n\u003Cbr class='autobr' \/\u003E\n\u2013 Int\u00e9gration automatique de la base de donn\u00e9es des films\n\u003Cbr class='autobr' \/\u003E\n\u2013 Mise en place d\u2019une lettre d\u2019information et d\u2019un agenda, avec abonnement via son agenda iCal pour l\u2019internaute\n\u003Cbr class='autobr' \/\u003E\n\u2013 Formation \u00e0 l\u2019administration autonome\u003C\/p\u003E\n\u003C\/blockquote\u003E\n"}